{"id":6777,"date":"2017-03-23T14:14:34","date_gmt":"2017-03-23T14:14:34","guid":{"rendered":"http:\/\/www.corona-amaral.com\/estudio\/"},"modified":"2017-11-26T22:34:26","modified_gmt":"2017-11-26T22:34:26","slug":"estudio","status":"publish","type":"page","link":"https:\/\/www.corona-amaral.com\/de\/estudio\/","title":{"rendered":"Studio"},"content":{"rendered":"<div  class=\"one withsmallpadding ppb_header_inline\" style=\"padding:30px 0 30px 0;\" >\n<div class=\"standard_wrapper\">\n<div class=\"page_content_wrapper\">\n<div class=\"inner\">\n<div class=\"header_inline_wrapper\">\n<div class=\"header_inline_title\">\n<h2 class=\"ppb_title\" style=\"\">Studio<\/h2>\n<\/div>\n<\/div>\n<\/div>\n<\/div>\n<\/div>\n<\/div>\n<div  class=\"one withsmallpadding ppb_text\" style=\"padding:15px 0 15px 0;\" >\n<div class=\"standard_wrapper\">\n<div class=\"page_content_wrapper\">\n<div class=\"inner\">\n<div style=\"margin:auto;width:100%\">\n<div class=\"one_half \" style=\"\">\n<p style=\"text-align: justify;\">Die Arbeit von Corona-Amaral Arquitectos zeichnet sich durch die kontinuierliche Suche nach der h\u00f6chsten Qualit\u00e4t der Projekte aus, von der Skizze und der Einbindung in das Umfeld bis zu den Details, Oberfl\u00e4chen und der Geb\u00e4udeausstattung, unabh\u00e4ngig von Typ, Skala oder Nutzen. Die Gr\u00fcndungspartner sind Antonio Corona Bosch und Arsenio Perez Amaral, Mark Senning ist asoziierter Architekt.<\/p>\n<p>\u00a0<\/p>\n<h4>GEGENW\u00c4RTIGE BAUTEN UND PROJEKTE<\/h4>\n<p style=\"text-align: justify;\">Unter den neuesten Arbeiten finden sich folgende ausgef\u00fchrte Projekte: Grundsanierung des 5-Sterne Hotel Mencey inklusive Neubau eines Wellnessbades, Tiefgarage und Innenausstattung sowie die Neuordnung der gesch\u00fctzten Gartenanlagen. Aufstockung und Modernisierung des VIP-Fl\u00fcgels (Salome) des 5-Sterne Hotels Anthelia. Erneuerung der denkmalgesch\u00fctzten Br\u00fccke \u201ePuente El Cabo\u201c in Santa Cruz und der Neubau der \u201eVilla Playa la Arena\u201c im S\u00fcden von Tenerife.<\/p>\n<\/div>\n<div class=\"one_half last \" style=\"\"><img data-recalc-dims=\"1\" loading=\"lazy\" decoding=\"async\" class=\"aligncenter size-full wp-image-6743\" src=\"https:\/\/i0.wp.com\/www.corona-amaral.com\/wp-content\/uploads\/2017\/03\/Recortada.jpg?resize=1186%2C826\" alt=\"\" width=\"1186\" height=\"826\" \/><\/p>\n<\/div>\n<p><br class=\"clear\"\/><\/p>\n<p><span style=\"border-radius: 2px; text-indent: 20px; width: auto; padding: 0px 4px 0px 0px; text-align: center; font: bold 11px\/20px 'Helvetica Neue',Helvetica,sans-serif; color: #ffffff; background: #bd081c no-repeat scroll 3px 50% \/ 14px 14px; position: absolute; opacity: 1; z-index: 8675309; display: none; cursor: pointer; top: 930px; left: 20px;\">Guardar<\/span><\/p>\n<\/div>\n<\/div>\n<\/div>\n<\/div>\n<\/div>\n<div  class=\"one withsmallpadding ppb_text\" style=\"padding:30px 0 30px 0;\" >\n<div class=\"standard_wrapper\">\n<div class=\"page_content_wrapper\">\n<div class=\"inner\">\n<div style=\"margin:auto;width:100%\">\n<p style=\"text-align: justify;\">\n<div class=\"pp_accordion_close \">\n<h3><a href=\"#\">PROFIL UND DIENSTLEISTUNGEN<\/a><\/h3>\n<div>\n<p>\nDer Ursprung von Corona-Amaral Arquitectura geht auf des Jahr 1984 zur\u00fcck, als Antonio Corona Bosch, Arsenio P\u00e9rez Amaral und Eustaquio Mart\u00ednez Garc\u00eda am Beginn ihrer professionellen Laufbahn das Architekturb\u00fcro N. Tres Arquitectos S. L. gegr\u00fcndet haben. Die Zusammensetzung des Studios sowie sein Name hat sich im Laufe der Jahre mehrfach ver\u00e4ndert Heute setzt sich Corona-Amaral Arquitectura aus den Gr\u00fcndungspartnern Antonio Corona Bosch und Arsenio P\u00e9rez Amaral sowie Mark Senning als asoziierter Partner zusammen.<\/p>\n<p style=\"text-align: justify;\">Die Arbeit von Corona-Amaral Arquitectos zeichnet sich durch die kontinuierliche Suche nach der Qualit\u00e4t in der Architektur auf Basis wirtschaftlicher L\u00f6sungen und ortsbezogener Resourcen aus, um so eine ausgewogene Antwort auf den Ort, die Anforderungen des Benutzers und die Nachhaltigkeit des Projektes zu geben.<\/p>\n<p style=\"text-align: justify;\">Die Herangehensweise an die Projekte erfolgt, vor allem in der Anfangsphase, mit intensiver Beteiligung des Kunden und durch die koordinierte Zusammenarbeit aller am Entwicklungsprozess beteiligten Akteure w\u00e4hrend der gesamten Planungsphase: Definition des Konzepts, Planung der Entwurfseinbettung, Entwicklung der wirtschaftlichen und konstruktiven Strategien, Studie von Alternativen, bis hin zur Entwicklung der Innenarchitektur und M\u00f6beldesign.<\/p>\n<p style=\"text-align: justify;\">Im Rahmen der Ausarbeitung, Detallierung und Bauausf\u00fchrung koordiniert Corona-Amaral Arquitectura ein Team aus Fachplanern f\u00fcr Statik, Haustechnik und Ingenieuren, Hersteller und Fachfirmen, sowie die Ausschreibungen und die Auswahl der Bauunternehmen. Die \u00dcberwachung des Projektfortschrittes durch das Qualit\u00e4tsmanagement w\u00e4hrend der gesamten Bauphase sowie der Kundenservice nach Fertigstellung stellen dabei herausragende Aspekte im Arbeitsablauf dar.<\/p>\n<p style=\"text-align: justify;\">Die Arbeitsfelder von Corona-Amaral Arquitectura reichen weit \u00fcber das gebaute Objekt hinaus, und umfassen sowohl strategische Planung und Projektsteuerung, Stadterneuerung und Landschaftsgestaltung.<\/p>\n<p style=\"text-align: justify;\">Seit dem Jahre 2008 ist Corona-Amaral Arquitectura in den Bereichen Qualit\u00e4tsmanagement und Umweltmanagement ISO 9001, ISO 14001 und EFITECNIC durch das Instituto de la Construcci\u00f3n de Castilla Le\u00f3n (ICCL) zertifiziert. Die kontinuierliche Weiterentwicklung und Einarbeitung des Qualit\u00e4tsmanagements in die Arbeitsprozesse wird durch selbstentwickelte Kontrollsysteme garantiert.<\/p>\n<p style=\"text-align: justify;\">Im vergangenen Jahr hat Corona-Amaral Arquitectura das Qualit\u00e4tsmanagement komplett an die Einf\u00fchrung der BIM-Umgebung angepasst, insbesondere im Bereich der Kostenkontrolle, der B\u00fcrodatenbanken und in der Zusammenarbeit mit den Fachplanern aus Statik und Haustechnik. Die Adaptation der Entwicklungsprozesse wurde von ICCL positiv auditiert.<\/p>\n<p style=\"text-align: justify;\">Im Laufe ihres professionellen Werdeganges haben Corona-Amaral Arquitectura eine grosse Anzahl an Preisen und Anerkennungen erhalten. Die \u201eEstaci\u00f3n Mar\u00edtima del Jet Foil\u201c hat zum Beispiel den ersten Preis in der 5. Ausgabe des Premio Manuel de Ora\u00e1 de Arquitectura del Colegio Oficial de Arquitectos de Canarias erhalten und wurde als Beitrag f\u00fcr die 2. Bienale de Arquitectura Espa\u00f1ola ausgew\u00e4hlt. Weitere Projekte wurden in der 3. und 6.-9. Ausgabe des Premio Regional de Arquitectura de Manuel de Oraa y Arcocha lobend erw\u00e4hnt.<\/p>\n<p style=\"text-align: justify;\">Der Neubau des Terminals des Flughafens Tenerife Norte wurde f\u00fcr die Ausstellung \u201cON SITE New Architecture in Spain\u201d im MoMA New York im Jahr 2006 und in Madrid im gleichen Jahr ausgew\u00e4hlt.<\/p>\n<p style=\"text-align: justify;\">Der \u201ePlan Urban\u201c von Santa Cruz de Tenerife, eine Stadterneuerungsma\u00dfnahme in Santa Cruz, die zwischen 1999 und 2001 durchgef\u00fchrt wurde, erhielt den &#8220;Preis der Europ\u00e4ischen Gemeinschaften&#8221;. Eine Retrospektive der Werke von Corona-Amaral Arquitectos, die von der Regierung der Kanarischen Inseln unter dem Titel &#8220;Insertions, Immersions&#8221; organisiert wurde, war 2007 auf den Kanarischen Inseln und in Marokko in verschiedenen Austellungszentren zu sehen. Im Rahmen des ADECOT-Kooperationsprojektes wurden ab 2009 strategische Projekte in mehreren marokkanischen St\u00e4dten wie Taroudant, Tiznit, Sidi Ifni und im Stadtteil Agadir in Talborjt entwickelt, wo eine Ma\u00dfnahme zur Stadterneuerung mit einem gro\u00dfen Team von Fachleuten aus verschiedenen Disziplinen durchgef\u00fchrt wurde Projekte wie der &#8220;Paseo Mar\u00edtimo del M\u00e9dano&#8221; (Teneriffa), die Sanierung und Umbau der &#8220;Casa Franco de Castilla&#8221; in La Laguna (Teneriffa) (S XXVIII) zu einem Notariat, oder die &#8220;Casa Jard\u00edn del Sol&#8221; in Tacoronte (Teneriffa), die in zahlreichen Fachzeitschriften weltweit ver\u00f6ffentlicht wird, sind wichtige Teile der Erfahrung von Corona-Amaral Arquitectura.<\/p>\n<p style=\"text-align: justify;\">Zu den j\u00fcngsten realisierten Projekten geh\u00f6ren die Grundsanierung des emblematischen 5-Sterne Hotels Mencey inklusive Neubau eines Wellnessbades, Tiefgarage und Innenausstattung, sowie Neuordnung der gesch\u00fctzten Gartenanlagen; Aufstockung und Modernisierung des VIP-Fl\u00fcgels (Salome) des 5-Sterne Hotels Anthelia; Erneuerung der denkmalgesch\u00fctzten Br\u00fccke \u201ePuente El Cabo\u201c in Santa Cruz und der Neubau der \u201eVilla Playa la Arena\u201c im S\u00fcden von Tenerife.<\/p>\n<p style=\"text-align: justify;\">Corona-Amaral Arquitectura hat als lokaler Partner wiederholt mit international angesehenen Architekturb\u00fcros wie Herzog &#038; de Meuron und Foster &#038; Partners zusammengearbeitet.<\/p>\n<\/p>\n<\/div>\n<\/div>\n<div class=\"pp_accordion_close \">\n<h3><a href=\"#\">PREISE UND AUSZEICHNUNGEN<\/a><\/h3>\n<div>\n<table>\n<tbody>\n<tr>\n<td><strong>2014<\/strong><\/td>\n<td>1.Preis St\u00e4dtebaulicher Wettbewerb Neue Universit\u00e4t von Agadir<\/td>\n<\/tr>\n<tr>\n<td><strong>2010<\/strong><\/td>\n<td>1. Preis Wettbewerb Bahnstation \u201cLos Cristianos, Tren del Sur de Tenerife\u201d<\/td>\n<\/tr>\n<tr>\n<td><strong>2000<\/strong><\/td>\n<td>Auszeichnung der Europ\u00e4ischen Gemeinschaft f\u00fcr die Beste St\u00e4dtebauliche Arbeit 1999\/2000. \u201ePlan Urban Santa Cruz de Tenerife\u201c<\/td>\n<\/tr>\n<tr>\n<td><strong>1996<\/strong><\/td>\n<td>1.Preis Wettbewerb Neubau des Terminals Flughafen Tenerife Norte, Ausgew\u00e4hltes Projekt f\u00fcr die Ausstellung \u201cON SITE New Architecture in Spain\u201d MoMA New York, 2006. Lobende Erw\u00e4hnung XI Ed. Premio Regional de Arquitectura Manuel de Oraa y Arcocha 2002-2003.<\/td>\n<\/tr>\n<tr>\n<td><strong>1991<\/strong><\/td>\n<td>1.Preis in der f\u00fcnften Ausgabe des Premio Regional de Arquitectura Manuel de Oraa y Arcocha 1990-1991, Ausgew\u00e4hlte Arbeit f\u00fcr die II. Bienal de Arquitectura Espa\u00f1ola 1990-1991. Estaci\u00f3n Mar\u00edtima \u201cJet Foil\u201d. Santa Cruz de Tenerife.<\/td>\n<\/tr>\n<\/tbody>\n<\/table>\n<p><strong>Lobende Erw\u00e4hnungen\u00a0<\/strong>in der 3. und 6.-9. Ausgabe des Premio Regional de Arquitectura de Manuel de Oraa y Arcocha.<\/p>\n<\/div>\n<\/div>\n<div class=\"pp_accordion_close \">\n<h3><a href=\"#\">KONFERENZEN, AUSSTELLUNGEN UND AKTIVIT\u00c4TEN<\/a><\/h3>\n<div>\n<div class=\"one_half \" style=\"\">\n<table>\n<tbody>\n<tr>\n<td><strong>2017<\/strong><\/td>\n<td>Jurymitglied im Wettbewerb \u201eAmpliaci\u00f3n Real Club N\u00e1utico de Tenerife\u201c.<\/td>\n<\/tr>\n<tr>\n<td><strong>2016<\/strong><\/td>\n<td>Konferenz in der Vortragsreihe \u201cRehabilitaci\u00f3n\u201d Academia de Bellas Artes. Santa Cruz de Tenerife.<\/td>\n<\/tr>\n<tr>\n<td><\/td>\n<td>Review session Escuela de Arquitectura\u00a0 Universidad Europea. Tenerife.<\/td>\n<\/tr>\n<tr>\n<td><\/td>\n<td>Konferenz \u201cMuseos y dise\u00f1o\u201d Vortragsreihe \u00fcber Museen. Cabildo de Tenerife.<\/td>\n<\/tr>\n<tr>\n<td><strong>2014<\/strong><\/td>\n<td>Vortragsreihe \u201cDesarrollo comercial canario-marroqu\u00ed. Zonas Comerciales Abiertas\u201d Direcci\u00f3n General de Comercio. Santa Cruz de Tenerife<\/td>\n<\/tr>\n<tr>\n<td><strong>2011<\/strong><\/td>\n<td>Einzelausstellung \u201cInserciones Inmersiones\u201d. C\u00edrculo de Bellas Artes (Tenerife), Gabinete Literario (Gran Canaria), C\u00e1mara de Comercio (Agadir).<\/td>\n<\/tr>\n<tr>\n<td><strong>2010-<\/strong><\/p>\n<p><strong>2013<\/strong><\/td>\n<td>Mitglied im Denkmalschutzausschuss der Canarischen Inseln als Repr\u00e4sentant der Architektenkammer ( Arsenio P\u00e9rez Amaral)<\/td>\n<\/tr>\n<tr>\n<td><strong>2007-<\/strong><\/p>\n<p><strong>2008<\/strong><\/td>\n<td>Vizedekan der Architektenkammer der Canarischen Inseln (Arsenio P\u00e9rez Amaral)<\/td>\n<\/tr>\n<tr>\n<td><strong>2007-<\/strong><\/p>\n<p><strong>2010<\/strong><\/td>\n<td>Mitglied im Denkmalschutzausschuss der Inselverwaltung von Tenerife &#8211; Cabildo (Antonio Corona Bosch)<\/td>\n<\/tr>\n<tr>\n<td><\/td>\n<td>President der Architektenkammer der Canarischen Inseln Tenerife, La Gomera, La Palma und El Hierro (Arsenio P\u00e9rez Amaral)<\/td>\n<\/tr>\n<tr>\n<td><strong>2007<\/strong><\/td>\n<td>Gastprofessur Fach \u201cProyectos Arquitect\u00f3nicos\u201d, Universit\u00e4t ETSA de Las Palmas de Gran Canaria.(Arsenio P\u00e9rez Amaral)<\/td>\n<\/tr>\n<\/tbody>\n<\/table>\n<\/div>\n<div class=\"one_half last \" style=\"\">\n<table>\n<tbody>\n<tr>\n<td><strong>2006<\/strong><\/td>\n<td>Ausstellung und Konferenz \u201cTenerife Island City, 3 Architects of Tenerife\u201d. School of Architecture and Spatial Design, London Metropolitan University.<\/td>\n<\/tr>\n<tr>\n<td><\/td>\n<td>Ausstellung \u201cON SITE New Architecture in Spain\u201d MoMA. New York &#8211; Februar 2006. Ausstellungs pavillon Villanueva del Real Jard\u00edn Bot\u00e1nico de Madrid &#8211; November 2006.<\/td>\n<\/tr>\n<tr>\n<td><\/td>\n<td>Konferenzen: Columbia University y Urban Center, New York &#8211; Februar 2006 und Cooper Union\u00a0 University New York- Mai 2006.<\/td>\n<\/tr>\n<tr>\n<td><strong>2005<\/strong><\/td>\n<td>Review Session ETH Zurich<\/td>\n<\/tr>\n<tr>\n<td><strong>2003-<\/strong><\/p>\n<p><strong>2007<\/strong><\/td>\n<td>Mitglied im Denkmalschutzausschuss der Inselverwaltung von Tenerife &#8211; Cabildo .(Arsenio P\u00e9rez Amaral)<\/td>\n<\/tr>\n<tr>\n<td><strong>2005<\/strong><\/td>\n<td>Xornadas A arquitectura desde Canarias &#8211; Consello da Cultura Galega &#8211; Santiago de Compostela.<\/td>\n<\/tr>\n<tr>\n<td><strong>2004-<\/strong><\/p>\n<p><strong>2007<\/strong><\/td>\n<td>Sekret\u00e4r der Architektenkammer der Canarischen Inseln Tenerife, La Gomera, La Plama und El Hierro (Arsenio P\u00e9rez Amaral)<\/td>\n<\/tr>\n<tr>\n<td><strong>2002<\/strong><\/td>\n<td>Konferenzreihe \u00fcber Architektur Canaria &#8211; La Coru\u00f1a.<\/td>\n<\/tr>\n<tr>\n<td><strong>2000-<\/strong><\/p>\n<p><strong>2004<\/strong><\/td>\n<td>Sprecher der Architektenkammer der Canarischen Inseln Tenerife, La Gomera, La Palma und El Hierro (Arsenio P\u00e9rez Amaral)<\/td>\n<\/tr>\n<tr>\n<td><strong>1996<\/strong><\/td>\n<td>Ausstellung II Bienal\u00a0 Arquitectura Espa\u00f1ola 1996-1997.Comillas.Santander.<\/td>\n<\/tr>\n<\/tbody>\n<\/table>\n<\/div>\n<p><br class=\"clear\"\/><\/p>\n<\/div>\n<\/div>\n<div class=\"pp_accordion_close \">\n<h3><a href=\"#\">AUSGEW\u00c4HLTE PUBLIKATIONEN<\/a><\/h3>\n<div>\n<table>\n<tbody>\n<tr>\n<td><strong>2008<\/strong><\/td>\n<td>Gu\u00eda de Arquitectura Contempor\u00e1nea 1962 &#8211; 2006, F\u00fchrer zur modernen Architektur 1962-2006, Actar Ediciones.<\/td>\n<\/tr>\n<tr>\n<td><strong>2007<\/strong><\/td>\n<td>\u201cInserciones,\u00a0\u00a0 Inmersiones\u201d. Monograf\u00ede.\u00a0 Consejer\u00eda de Cultura y Deportes del Gobierno de Canarias y\u00a0 Gabinete Literario.\u00a0 Actar Ediciones.<\/td>\n<\/tr>\n<tr>\n<td><strong>2007<\/strong><\/td>\n<td>I Bienal de Canarias de Arquitectura, Arte y Paisaje. Vice consejer\u00eda de Cultura Gobierno de Canarias.<\/td>\n<\/tr>\n<tr>\n<td><strong>2006<\/strong><\/td>\n<td>On Site: Arquitectura en Espa\u00f1a, hoy. Terence Riley PromoMadrid.<\/td>\n<\/tr>\n<tr>\n<td><strong>2006<\/strong><\/td>\n<td>On site: New Architecture in Spain. Terence Riley. Thames &#038;Hudson , Ltd. Londres.<\/td>\n<\/tr>\n<tr>\n<td><strong>2006<\/strong><\/td>\n<td>MD International Magazine of Design Vivienda unifamiliar en Tacoronte, Tenerife.<\/td>\n<\/tr>\n<tr>\n<td><strong>2004<\/strong><\/td>\n<td>Ultima arquitectura canaria. Jos\u00e9 Luis Gago Vaquero. Gobierno de Canarias. Aeropuerto de Tenerife Norte.<\/td>\n<\/tr>\n<tr>\n<td><strong>2003<\/strong><\/td>\n<td>Actar Ediciones. Zentralwerkstatt und B\u00fcros TITSA. Jordi Bernad\u00f3. Consejer\u00eda de turismo y Transportes Gobierno de Canarias.<\/td>\n<\/tr>\n<tr>\n<td><strong>2002<\/strong><\/td>\n<td>La arquitectura del sol. Jordi Granell. Legi D, Arquitectes de Catalunya<\/td>\n<\/tr>\n<tr>\n<td><strong>2000<\/strong><\/td>\n<td>Charcos. Jordi Bernardo. Colegio de Arquitectos de Canarias.<\/td>\n<\/tr>\n<tr>\n<td><strong>1992<\/strong><\/td>\n<td>II Bienal Arquitectura Espa\u00f1ola 1991-1992. Consejo Superior de los Colegios de Arquitectos de Espa\u00f1a.<\/td>\n<\/tr>\n<tr>\n<td><strong>1990<\/strong><\/td>\n<td>Archit\u00e9cti 15\/16. \u201cEspa\u00f1a-Generaci\u00f3n 80,s\u201d.<\/td>\n<\/tr>\n<\/tbody>\n<\/table>\n<h2>REVISTAS<\/h2>\n<table>\n<tbody>\n<tr>\n<td><em><strong>Arquitectos<\/strong><\/em><\/td>\n<td>N\u00ba 147, N\u00ba 128, N\u00ba 127<\/td>\n<\/tr>\n<tr>\n<td><em><strong>Arquitectura Viva<\/strong><\/em><\/td>\n<td>N\u00ba 60, N\u00ba 51, N\u00ba 49<\/td>\n<\/tr>\n<tr>\n<td><em><strong>Periferia<\/strong><\/em><\/td>\n<td>N\u00ba 11<\/td>\n<\/tr>\n<\/tbody>\n<\/table>\n<\/div>\n<\/div>\n<\/div>\n<\/div>\n<\/div>\n<\/div>\n<\/div>\n<div  class=\"one withsmallpadding ppb_text\" style=\"padding:30px 0 30px 0;\" >\n<div class=\"standard_wrapper\">\n<div class=\"page_content_wrapper\">\n<div class=\"inner\">\n<div style=\"margin:auto;width:100%\">\n<p><img data-recalc-dims=\"1\" loading=\"lazy\" decoding=\"async\" class=\"aligncenter size-full wp-image-6739\" src=\"https:\/\/i0.wp.com\/www.corona-amaral.com\/wp-content\/uploads\/2017\/03\/H5A0190-Panorama1.jpg?resize=1638%2C799\" alt=\"\" width=\"1638\" height=\"799\" \/><\/p>\n<\/div>\n<\/div>\n<\/div>\n<\/div>\n<\/div>\n<div  class=\"one\">\n<div class=\"standard_wrapper\">\n<div id=\"1511735665490710877\" class=\"portfolio_filter_wrapper gallery two_cols contain\" data-columns=\"2\">\n<div class=\"element grid  classic2_cols\">\n<div class=\"one_half gallery2 static filterable gallery_type animated1\"><a class=\"fancy-gallery\" href=\"https:\/\/i0.wp.com\/www.corona-amaral.com\/wp-content\/uploads\/2017\/07\/1a.jpg\" data-caption=\"\" ><img data-recalc-dims=\"1\" height=\"327\" width=\"705\" decoding=\"async\" src=\"https:\/\/i0.wp.com\/www.corona-amaral.com\/wp-content\/uploads\/2017\/07\/1a-705x327.jpg?resize=705%2C327\" alt=\"\"\/><\/a><\/div>\n<\/div>\n<div class=\"element grid  classic2_cols\">\n<div class=\"one_half gallery2 static filterable gallery_type animated2\"><a class=\"fancy-gallery\" href=\"https:\/\/i0.wp.com\/www.corona-amaral.com\/wp-content\/uploads\/2017\/03\/H5A0260-Panorama.jpg\" data-caption=\"\" ><img data-recalc-dims=\"1\" height=\"327\" width=\"705\" decoding=\"async\" src=\"https:\/\/i0.wp.com\/www.corona-amaral.com\/wp-content\/uploads\/2017\/03\/H5A0260-Panorama-705x327.jpg?resize=705%2C327\" alt=\"\"\/><\/a><\/div>\n<\/div>\n<div class=\"element grid  classic2_cols\">\n<div class=\"one_half gallery2 static filterable gallery_type animated3\"><a class=\"fancy-gallery\" href=\"https:\/\/i0.wp.com\/www.corona-amaral.com\/wp-content\/uploads\/2017\/03\/H5A0248-Panorama.jpg\" data-caption=\"\" ><img data-recalc-dims=\"1\" height=\"362\" width=\"705\" decoding=\"async\" src=\"https:\/\/i0.wp.com\/www.corona-amaral.com\/wp-content\/uploads\/2017\/03\/H5A0248-Panorama-705x362.jpg?resize=705%2C362\" alt=\"\"\/><\/a><\/div>\n<\/div>\n<div class=\"element grid  classic2_cols\">\n<div class=\"one_half gallery2 static filterable gallery_type animated4\"><a class=\"fancy-gallery\" href=\"https:\/\/i0.wp.com\/www.corona-amaral.com\/wp-content\/uploads\/2017\/07\/4a.jpg\" data-caption=\"\" ><img data-recalc-dims=\"1\" height=\"362\" width=\"705\" decoding=\"async\" src=\"https:\/\/i0.wp.com\/www.corona-amaral.com\/wp-content\/uploads\/2017\/07\/4a-705x362.jpg?resize=705%2C362\" alt=\"\"\/><\/a><\/div>\n<\/div>\n<\/div>\n<\/div>\n<\/div>\n<div  class=\"one withsmallpadding ppb_text\" style=\"padding:15px 0 15px 0;\" >\n<div class=\"standard_wrapper\">\n<div class=\"page_content_wrapper\">\n<div class=\"inner\">\n<div style=\"margin:auto;width:100%\">\n<hr \/>\n<\/div>\n<\/div>\n<\/div>\n<\/div>\n<\/div>\n<div  class=\"one withsmallpadding ppb_text\" style=\"padding:30px 0 30px 0;\" >\n<div class=\"standard_wrapper\">\n<div class=\"page_content_wrapper\">\n<div class=\"inner\">\n<div style=\"margin:auto;width:100%\">\n<div class=\"one_half \" style=\"\">\n<h6>Antonio Corona Bosch<\/h6>\n<p>Partner<\/p>\n<h6>Arsenio P\u00e9rez Amaral<\/h6>\n<p>Partner<\/p>\n<h6>Mark Senning<\/h6>\n<p>Assoziierter Partner\n<\/p>\n<\/div>\n<div class=\"one_half last \" style=\"\">\n<h6>Teresa Garvayo de Lara<\/h6>\n<p>Gesch\u00e4ftsf\u00fchrung\n<\/p>\n<\/div>\n<p><br class=\"clear\"\/><\/p>\n<\/div>\n<\/div>\n<\/div>\n<\/div>\n<\/div>\n","protected":false},"excerpt":{"rendered":"<p>Studio Die Arbeit von Corona-Amaral Arquitectos zeichnet sich durch die kontinuierliche Suche nach der h\u00f6chsten Qualit\u00e4t der Projekte aus, von der Skizze und der Einbindung in das Umfeld bis zu den Details, Oberfl\u00e4chen und der Geb\u00e4udeausstattung, unabh\u00e4ngig von Typ, Skala [&hellip;]<\/p>\n","protected":false},"author":1,"featured_media":0,"parent":0,"menu_order":0,"comment_status":"closed","ping_status":"closed","template":"","meta":{"footnotes":""},"class_list":["post-6777","page","type-page","status-publish","hentry"],"jetpack_sharing_enabled":true,"_links":{"self":[{"href":"https:\/\/www.corona-amaral.com\/de\/wp-json\/wp\/v2\/pages\/6777","targetHints":{"allow":["GET"]}}],"collection":[{"href":"https:\/\/www.corona-amaral.com\/de\/wp-json\/wp\/v2\/pages"}],"about":[{"href":"https:\/\/www.corona-amaral.com\/de\/wp-json\/wp\/v2\/types\/page"}],"author":[{"embeddable":true,"href":"https:\/\/www.corona-amaral.com\/de\/wp-json\/wp\/v2\/users\/1"}],"replies":[{"embeddable":true,"href":"https:\/\/www.corona-amaral.com\/de\/wp-json\/wp\/v2\/comments?post=6777"}],"version-history":[{"count":23,"href":"https:\/\/www.corona-amaral.com\/de\/wp-json\/wp\/v2\/pages\/6777\/revisions"}],"predecessor-version":[{"id":7086,"href":"https:\/\/www.corona-amaral.com\/de\/wp-json\/wp\/v2\/pages\/6777\/revisions\/7086"}],"wp:attachment":[{"href":"https:\/\/www.corona-amaral.com\/de\/wp-json\/wp\/v2\/media?parent=6777"}],"curies":[{"name":"wp","href":"https:\/\/api.w.org\/{rel}","templated":true}]}}